{"id":1689,"date":"2017-04-14T10:11:02","date_gmt":"2017-04-14T09:11:02","guid":{"rendered":"http:\/\/noieszencia.hu\/?page_id=1689"},"modified":"2024-12-23T06:52:32","modified_gmt":"2024-12-23T05:52:32","slug":"tarsasjatek","status":"publish","type":"page","link":"http:\/\/noieszencia.hu\/?page_id=1689","title":{"rendered":"Atlantisz t\u00e1rsasj\u00e1t\u00e9k"},"content":{"rendered":"<h2 style=\"text-align: center;\"><strong>Atlantisz eml\u00e9kezete t\u00e1rsasj\u00e1t\u00e9k<\/strong><\/h2>\n<h3 style=\"text-align: center;\"><strong>A l\u00e9lek j\u00e1t\u00e9ka<\/strong><\/h3>\n<p>&nbsp;<\/p>\n<p><img decoding=\"async\" style=\"width: 310px; height: 241px; float: right; margin: 5px 0px 0px 15px; margin-bottom: 10px; border: 2px ridge #6e116b;\" src=\"http:\/\/noieszencia.hu\/wp-content\/themes\/tutorial\/images\/Atlantisz1.jpg\" alt=\"Atlantisz\" \/><\/p>\n<p><strong>Vezeti:<\/strong><\/p>\n<p>L\u00e1z\u00e1r Ildik\u00f3<br \/>\nj\u00e1t\u00e9kmester, csal\u00e1d- \u00e9s rendszer\u00e1ll\u00edt\u00f3, tr\u00e9ner <\/p>\n<p>&nbsp;<\/p>\n<p><strong>Id\u0151pont:<\/strong><\/p>\n<p>2025. janu\u00e1r 24. p\u00e9ntek 17.00-21.00<br \/>\ncsoportos j\u00e1t\u00e9k<\/p>\n<p>&nbsp;<\/p>\n<p>Egy\u00e9ni j\u00e1t\u00e9kra: kedd, cs\u00fct\u00f6rt\u00f6k, p\u00e9ntek<br \/>\nCsoportos j\u00e1t\u00e9kra: p\u00e9ntek, szombat<br \/>\n&nbsp;<br \/>\nEgyeztet\u00e9s telefonon: 06-30-222-3815<\/p>\n<p>&nbsp;<br \/>\n<strong>Helysz\u00edn:<\/strong><\/p>\n<p>1149 Budapest, K\u00f6v\u00e9r Lajos utca 61.  <\/p>\n<p>&nbsp;<\/p>\n<p><strong>D\u00edja:<\/strong><br \/>\n25 000,- Ft\/f\u0151<\/p>\n<p style=\"text-align: right;\"><a href=\"http:\/\/noieszencia.hu\/?page_id=1681\">B\u0151vebben a j\u00e1t\u00e9kr\u00f3l &#187;<\/a><\/p>\n<p>&nbsp;<\/p>\n","protected":false},"excerpt":{"rendered":"<p>Atlantisz eml\u00e9kezete t\u00e1rsasj\u00e1t\u00e9k A l\u00e9lek j\u00e1t\u00e9ka &nbsp; Vezeti: L\u00e1z\u00e1r Ildik\u00f3 j\u00e1t\u00e9kmester, csal\u00e1d- \u00e9s rendszer\u00e1ll\u00edt\u00f3, tr\u00e9ner &nbsp; Id\u0151pont: 2025. janu\u00e1r 24. p\u00e9ntek 17.00-21.00 csoportos j\u00e1t\u00e9k &nbsp; Egy\u00e9ni j\u00e1t\u00e9kra: kedd, cs\u00fct\u00f6rt\u00f6k, p\u00e9ntek Csoportos j\u00e1t\u00e9kra: p\u00e9ntek, szombat &nbsp; Egyeztet\u00e9s telefonon: 06-30-222-3815 &nbsp; Helysz\u00edn: 1149 Budapest, K\u00f6v\u00e9r Lajos utca 61. &nbsp; D\u00edja: 25 000,- Ft\/f\u0151 B\u0151vebben a j\u00e1t\u00e9kr\u00f3l &#187; [&hellip;]<\/p>\n","protected":false},"author":1,"featured_media":0,"parent":0,"menu_order":30,"comment_status":"open","ping_status":"open","template":"","meta":{"footnotes":""},"class_list":["post-1689","page","type-page","status-publish","hentry"],"_links":{"self":[{"href":"http:\/\/noieszencia.hu\/index.php?rest_route=\/wp\/v2\/pages\/1689","targetHints":{"allow":["GET"]}}],"collection":[{"href":"http:\/\/noieszencia.hu\/index.php?rest_route=\/wp\/v2\/pages"}],"about":[{"href":"http:\/\/noieszencia.hu\/index.php?rest_route=\/wp\/v2\/types\/page"}],"author":[{"embeddable":true,"href":"http:\/\/noieszencia.hu\/index.php?rest_route=\/wp\/v2\/users\/1"}],"replies":[{"embeddable":true,"href":"http:\/\/noieszencia.hu\/index.php?rest_route=%2Fwp%2Fv2%2Fcomments&post=1689"}],"version-history":[{"count":47,"href":"http:\/\/noieszencia.hu\/index.php?rest_route=\/wp\/v2\/pages\/1689\/revisions"}],"predecessor-version":[{"id":2377,"href":"http:\/\/noieszencia.hu\/index.php?rest_route=\/wp\/v2\/pages\/1689\/revisions\/2377"}],"wp:attachment":[{"href":"http:\/\/noieszencia.hu\/index.php?rest_route=%2Fwp%2Fv2%2Fmedia&parent=1689"}],"curies":[{"name":"wp","href":"https:\/\/api.w.org\/{rel}","templated":true}]}}