{"id":1882,"date":"2018-05-27T16:53:59","date_gmt":"2018-05-27T15:53:59","guid":{"rendered":"http:\/\/noieszencia.hu\/?page_id=1882"},"modified":"2019-07-01T14:31:09","modified_gmt":"2019-07-01T13:31:09","slug":"adatvedelem","status":"publish","type":"page","link":"http:\/\/noieszencia.hu\/?page_id=1882","title":{"rendered":"Adatv\u00e9delem"},"content":{"rendered":"<h2 style=\"text-align: center;\"><strong>GDPR &#8211; Adatv\u00e9delmi nyilatkozat<\/strong><\/h2>\n<p>&nbsp;<\/p>\n<p style=\"text-align: justify;\">Adatainak v\u00e9delme fontos sz\u00e1momra, ez\u00e9rt szeretn\u00e9m t\u00e1j\u00e9koztatni a GDPR el\u0151\u00edr\u00e1soknak megfelel\u0151en friss\u00edtett Adatv\u00e9delmi nyilatkozatr\u00f3l. Az Adatv\u00e9delmi nyilatkozat tartalmazza, hogy mely szem\u00e9lyes adatokkal rendelkezem, \u00e9s azokat hogyan t\u00e1rolom \u00e9s haszn\u00e1lom fel.<\/p>\n<p style=\"text-align: justify;\">K\u00fcl\u00f6n fejezet t\u00e1rgyalja a jogokra vonatkoz\u00f3 inform\u00e1ci\u00f3kat.<\/p>\n<p>&nbsp;<\/p>\n<p style=\"text-align: justify;\"><strong>R\u00f6vid ismertet\u0151<\/strong><\/p>\n<p style=\"text-align: justify;\">A szem\u00e9lyes adatokat csak a mindenkori t\u00f6rv\u00e9nyeknek megfelel\u0151en gy\u0171jt\u00f6m \u00e9s kezelem.<\/p>\n<p style=\"text-align: justify;\">Mindent megteszek az adatok biztons\u00e1gos t\u00e1rol\u00e1sa \u00e9rdek\u00e9ben.<\/p>\n<p style=\"text-align: justify;\">A megadott szem\u00e9lyes adatokat harmadik orsz\u00e1gba nem tov\u00e1bb\u00edtom.<\/p>\n<p style=\"text-align: justify;\">Inform\u00e1ci\u00f3t szolg\u00e1ltatok a n\u00e1lam t\u00e1rolt adatokr\u00f3l, ha \u00edr\u00e1sban k\u00e9ri az \u00e9rintett.<\/p>\n<p style=\"text-align: justify;\">Nagy hangs\u00falyt fektetek a gyermekek szem\u00e9lyes adataira vonatkoz\u00f3an, \u00edgy 16 \u00e9ven aluli gyermek eset\u00e9ben kiz\u00e1r\u00f3lag sz\u00fcl\u0151\/t\u00f6rv\u00e9nyes k\u00e9pvisel\u0151 adhat le jelentkez\u00e9st, illetve j\u00e1rulhat hozz\u00e1 az adatok t\u00e1rol\u00e1s\u00e1hoz.<\/p>\n<p>&nbsp;<\/p>\n<p style=\"text-align: center;\"><strong>TARTALOMJEGYZ\u00c9K<\/strong><\/p>\n<p style=\"text-align: justify;\"><strong>ADATKEZEL\u00c9SI ALAPELV<\/strong><\/p>\n<p style=\"text-align: justify;\"><strong>ADATKEZEL\u0150<\/strong><\/p>\n<p style=\"text-align: justify;\"><strong>SZEM\u00c9LYES ADATOK K\u00d6RE<\/strong><\/p>\n<p style=\"text-align: justify;\"><strong>ADATOK FELHASZN\u00c1L\u00c1SA<\/strong><\/p>\n<p style=\"text-align: justify;\"><strong>SZOLG\u00c1LTAT\u00c1SOKHOZ SZ\u00dcKS\u00c9GES ADATOK R\u00c9SZLETEZ\u00c9SE<\/strong><\/p>\n<p style=\"text-align: justify;\"><strong>ADATOK KEZEL\u00c9SE \u00c9S T\u00d6RL\u00c9SE<\/strong><\/p>\n<p style=\"text-align: justify;\"><strong>ADATT\u00c1ROL\u00c1S M\u00d3DJA<\/strong><\/p>\n<p style=\"text-align: justify;\"><strong>AZ ELEKTRONIKUSAN T\u00c1ROLT ADATOK BIZTONS\u00c1GA<\/strong><\/p>\n<p style=\"text-align: justify;\"><strong>KI F\u00c9R HOZZ\u00c1 AZ ADATAIHOZ?<\/strong><\/p>\n<p style=\"text-align: justify;\"><strong>A V\u00c1S\u00c1RL\u00d3K JOGAI<\/strong><\/p>\n<p style=\"text-align: justify;\"><strong>A SZOLG\u00c1LTAT\u00c1S \u00dcGYF\u00c9LLEVELEZ\u00c9SEI<\/strong><\/p>\n<p style=\"text-align: justify;\"><strong>MIK AZOK A S\u00dcTIK \u00c9S HOGYAN KEZELJ\u00dcK \u0150KET?<\/strong><\/p>\n<p style=\"text-align: justify;\"><strong>AZ ADATV\u00c9DELMI NYILATKOZAT FRISS\u00cdT\u00c9SEI<\/strong><\/p>\n<p style=\"text-align: justify;\"><strong>PROM\u00d3CI\u00d3K<\/strong><\/p>\n<p style=\"text-align: justify;\"><strong>\u00c1T\u00c1LL\u00c1S A GDPR RENDSZERRE<\/strong><\/p>\n<p style=\"text-align: justify;\"><strong>ADATV\u00c9DELMI HAT\u00d3S\u00c1GI ELJ\u00c1R\u00c1S<\/strong><\/p>\n<p style=\"text-align: justify;\"><strong>EGY\u00c9B RENDELKEZ\u00c9SEK<\/strong><\/p>\n<p>&nbsp;<\/p>\n<p style=\"text-align: justify;\"><strong>ADATV\u00c9DELMI NYILATKOZAT<\/strong><\/p>\n<p style=\"text-align: justify;\">Az adatv\u00e9delem kiemelten fontos sz\u00e1momra, \u00e9s szem\u00e9lyes adatai feldolgoz\u00e1sakor nyitottan \u00e9s \u00e1tl\u00e1that\u00f3an szeretn\u00e9k elj\u00e1rni.\u00a0Ez\u00e9rt ir\u00e1nyelvben r\u00f6gz\u00edtem, hogy hogyan dolgozom fel \u00e9s v\u00e9dem szem\u00e9lyes adatait.<\/p>\n<p>&nbsp;<\/p>\n<p style=\"text-align: justify;\"><strong>ADATKEZEL\u00c9SI ALAPELV<\/strong><\/p>\n<p style=\"text-align: justify;\">A www.noieszencia.hu\u00a0c\u00edmen el\u00e9rhet\u0151 szolg\u00e1ltat\u00e1snak az adatkezel\u00e9ssel kapcsolatos adatv\u00e9delmi ir\u00e1nyelvei a hivatkozott honlapon folyamatosan el\u00e9rhet\u0151ek.<\/p>\n<p style=\"text-align: justify;\">Szem\u00e9lyes adatokat az \u00e9rintett hozz\u00e1j\u00e1rul\u00e1s\u00e1val kezelek. Az adatok \u00f6nk\u00e9ntesen ker\u00fclnek megad\u00e1sra. T\u00e1rol\u00e1sukr\u00f3l, kezel\u00e9s\u00fckr\u0151l a jelen &#8211; a GDPR-nek megfelel\u0151 &#8211; Adatv\u00e9delmi Nyilatkozat t\u00e1j\u00e9koztat \u00e9s rendelkezik. Az \u00dcgyfelek a Nyilatkozatot megismer\u00e9s ut\u00e1n elfogadhatj\u00e1k, ebben az esetben j\u00f6het l\u00e9tre az \u00fczleti kapcsolat. Az Adatkezel\u00e9si Nyilatkozat nem-elfogad\u00e1sa eset\u00e9n semmilyen adatot nem t\u00e1rolunk, azonban a Felek k\u00f6z\u00f6tt nem j\u00f6het l\u00e9tre szerz\u0151d\u00e9s a Felt\u00e9telek elfogad\u00e1sa n\u00e9lk\u00fcl.<\/p>\n<p>&nbsp;<\/p>\n<p style=\"text-align: justify;\"><strong>A <\/strong><strong>www.noieszencia.hu honlap \u00fczemeltet\u0151je L\u00e1z\u00e1r Ildik\u00f3 e.v. (1108 Budapest, Dombtet\u0151 u. 16. IV\/15.), a tov\u00e1bbiakban mint Adatkezel\u0151, mag\u00e1ra n\u00e9zve k\u00f6telez\u0151nek ismeri el a nyilatkozat tartalm\u00e1t, de fenntartja mag\u00e1nak a jogot a nyilatkozat megv\u00e1ltoztat\u00e1s\u00e1ra, felt\u00e9ve, hogy a v\u00e1ltoz\u00e1sokr\u00f3l kell\u0151 id\u0151ben \u00e9rtes\u00edti \u00fcgyfeleit.<\/strong><br \/>\nAdatkezel\u0151 kiemelten fontosnak tartja \u00fcgyfelei inform\u00e1ci\u00f3s \u00f6nrendelkez\u00e9si jog\u00e1nak tiszteletben tart\u00e1s\u00e1t. A szem\u00e9lyes adatokat bizalmasan kezeli, \u00e9s megtesz minden int\u00e9zked\u00e9st, mely az adatok biztons\u00e1g\u00e1t garant\u00e1lja.<\/p>\n<p>&nbsp;<\/p>\n<p style=\"text-align: justify;\"><strong>ADATKEZEL\u0150<\/strong><\/p>\n<p style=\"text-align: justify;\">Szem\u00e9lyesen kezelem azokat az adatokat, amelyeket \u00d6n a kapcsolatfelv\u00e9telkor megad, \u00e9s \u00e9n felelek a szem\u00e9lyes adatai\u00e9rt a vonatkoz\u00f3 adatv\u00e9delmi t\u00f6rv\u00e9nyek \u00e9rtelm\u00e9ben.<\/p>\n<p>&nbsp;<\/p>\n<p style=\"text-align: justify;\"><strong>C\u00e9g neve: L\u00e1z\u00e1r Ildik\u00f3 e.v.<\/strong><\/p>\n<p style=\"text-align: justify;\">Sz\u00e9khelye: 1108 Budapest, Dombtet\u0151 u. 16. IV\/15.<\/p>\n<p style=\"text-align: justify;\">Adatkezel\u00e9s helysz\u00edne: 1108 Budapest, Dombtet\u0151 u. 16. IV\/15.<\/p>\n<p style=\"text-align: justify;\">Egy\u00e9ni V\u00e1llalkoz\u00f3i sz\u00e1ma: 38379883<\/p>\n<p style=\"text-align: justify;\">Ad\u00f3sz\u00e1ma: 66738060-1-42<\/p>\n<p style=\"text-align: justify;\">Banksz\u00e1mlasz\u00e1ma: \u00a011773102-06349059 OTP<\/p>\n<p style=\"text-align: justify;\">\u00dcgyf\u00e9lszolg\u00e1lat e-mail c\u00edme: info@noieszencia.hu<\/p>\n<p>&nbsp;<\/p>\n<p style=\"text-align: justify;\"><strong>Weblap<\/strong>\u00a0internet c\u00edme:\u00a0www.noieszencia.hu<\/p>\n<p style=\"text-align: justify;\">T\u00e1rhely szolg\u00e1ltat\u00f3 neve: Webonic Kft.<\/p>\n<p style=\"text-align: justify;\">T\u00e1rhely szolg\u00e1ltat\u00f3 c\u00edme: 8000 Sz\u00e9kesfeh\u00e9rv\u00e1r, Budai \u00fat 9-11.<\/p>\n<p style=\"text-align: justify;\">T\u00e1rhely szolg\u00e1ltat\u00f3 webes c\u00edme: http:\/\/webonic.hu\/<\/p>\n<p style=\"text-align: justify;\">E-mail: support@webonic.hu<\/p>\n<p>&nbsp;<\/p>\n<p style=\"text-align: justify;\">A Webonic Kft., mint az Adatkezel\u0151 t\u00e1rhely szolg\u00e1ltat\u00f3ja, az al\u00e1bbi adatkezel\u00e9si nyilatkozat alapj\u00e1n kezeli az adatokat: http:\/\/webonic.hu\/adatvedelmi-iranyelvek<\/p>\n<p>&nbsp;<\/p>\n<p style=\"text-align: justify;\"><strong>SZEM\u00c9LYES ADATOK K\u00d6RE<\/strong><\/p>\n<p style=\"text-align: justify;\">Az adatkezel\u00e9s \u00f6nk\u00e9ntes hozz\u00e1j\u00e1rul\u00e1son alapul.<\/p>\n<p style=\"text-align: justify;\">Felh\u00edvjuk az adatk\u00f6zl\u0151k figyelm\u00e9t, hogy amennyiben nem saj\u00e1t szem\u00e9lyes adataikat adj\u00e1k meg, az adatk\u00f6zl\u0151 k\u00f6teless\u00e9ge az \u00e9rintett hozz\u00e1j\u00e1rul\u00e1s\u00e1nak beszerz\u00e9se.<\/p>\n<p style=\"text-align: justify;\"><strong>Az adatok t\u00f6rl\u00e9s\u00e9nek hat\u00e1rideje: az utols\u00f3 bejelentkez\u00e9st\u0151l sz\u00e1m\u00edtott t\u00edz \u00e9v, m\u00edg a h\u00edrlev\u00e9l k\u00fcld\u00e9s\u00e9hez adott hozz\u00e1j\u00e1rul\u00e1sok eset\u00e9ben a hozz\u00e1j\u00e1rul\u00e1s visszavon\u00e1s\u00e1ig. A sz\u00e1mviteli bizonylatokat a sz\u00e1mvitelr\u0151l sz\u00f3l\u00f3 2000. \u00e9vi C. t\u00f6rv\u00e9ny 169. \u00a7 (2) bekezd\u00e9se alapj\u00e1n 8 \u00e9vig \u0151rizz\u00fck meg.<\/strong><\/p>\n<p style=\"text-align: justify;\"><strong>Adattov\u00e1bb\u00edt\u00e1s: a sz\u00e1mviteli adatokat havi rendszeress\u00e9ggel tov\u00e1bb\u00edtom a K\u00f6nyvel\u0151 \u00e9s a NAV fel\u00e9.<\/strong><\/p>\n<p>&nbsp;<\/p>\n<p style=\"text-align: justify;\"><strong>ADATOK FELHASZN\u00c1L\u00c1SA<\/strong><\/p>\n<p style=\"text-align: justify;\">V\u00e1llalkoz\u00e1som az al\u00e1bbi tev\u00e9kenys\u00e9gekkel foglalkozik (ezeken bel\u00fcl elt\u00e9rhet az elk\u00e9rt \u00e9s felhaszn\u00e1lt szem\u00e9lyes adatok k\u00f6re): egy\u00e9ni \u00e9s csoportos \u00f6nismereti, szem\u00e9lyis\u00e9gfejleszt\u0151, \u00e9letmin\u0151s\u00e9g jav\u00edt\u00f3, illetve kreativit\u00e1sfejleszt\u0151 szolg\u00e1ltat\u00e1sok, egy\u00e9ni konzult\u00e1ci\u00f3, csoportos foglalkoz\u00e1sok \u00e9s tanfolyamok form\u00e1j\u00e1ban.<\/p>\n<p>&nbsp;<\/p>\n<p style=\"text-align: justify;\">A kezelt adatok k\u00f6re\u00a0a szolg\u00e1ltat\u00e1sn\u00e1l:\u00a0vezet\u00e9k- \u00e9s keresztn\u00e9v, e-mail c\u00edm, telefonsz\u00e1m, a szolg\u00e1ltat\u00e1s d\u00e1tuma \u00e9s id\u0151pontja.<\/p>\n<p style=\"text-align: justify;\">Ezek adatok megad\u00e1sa elengedhetetlen a szolg\u00e1ltat\u00e1sok ig\u00e9nybev\u00e9tel\u00e9hez, \u00e9s a folyamat megval\u00f3sul\u00e1s\u00e1hoz.<\/p>\n<p style=\"text-align: justify;\"><strong>Az adatok megad\u00e1sakor \u00e9s a k\u00e9s\u0151bbiekben is lehet\u0151s\u00e9get biztos\u00edtunk a szolg\u00e1ltat\u00e1s ig\u00e9nybev\u00e9tele ut\u00e1ni t\u00f6rl\u00e9sre, valamint a marketing c\u00e9l\u00fa felhaszn\u00e1l\u00e1s letilt\u00e1s\u00e1ra.<\/strong><\/p>\n<p style=\"text-align: justify;\">Az n\u00e9v, telefonsz\u00e1m \u00e9s e-mail adatokat kapcsolattart\u00e1s c\u00e9lj\u00e1ra kezelem: id\u0151pont \u00e9s helysz\u00edn egyeztet\u00e9s, v\u00e1ltoz\u00e1s. A telefonos kapcsolattart\u00e1si id\u0151 munkanapokon, reggel 8-20:00 k\u00f6z\u00f6tt \u00e9l.<\/p>\n<p style=\"text-align: justify;\"><strong>Adatait 3. f\u00e9l r\u00e9sz\u00e9re nem adom ki \u00fczleti c\u00e9lb\u00f3l, am\u00edg \u00d6n ezt kifejezetten nem k\u00e9ri.<\/strong>\u00a0<strong>Nyilatkozhat a szolg\u00e1ltat\u00e1si folyamat lez\u00e1rul\u00e1s\u00e1t k\u00f6vet\u0151en az adatai t\u00f6rl\u00e9s\u00e9r\u0151l, egy\u00e9b esetben 10 \u00e9vig t\u00e1roljuk.<\/strong><\/p>\n<p style=\"text-align: justify;\"><strong>Marketing:<\/strong>\u00a0Havonta 1 alkalommal k\u00fcld\u00f6k inform\u00e1ci\u00f3t h\u00edrlev\u00e9l form\u00e1j\u00e1ban, amennyiben hozz\u00e1j\u00e1rul. A nyilatkozat\u00e1t err\u0151l e-mailben is elk\u00fcldheti, vagy az Adatlapon is megteheti. Az adatai itt sem ker\u00fclnek kiad\u00e1sra 3. f\u00e9l r\u00e9sz\u00e9re.<\/p>\n<p>&nbsp;<\/p>\n<p style=\"text-align: justify;\"><strong>SZOLG\u00c1LTAT\u00c1SOKHOZ SZ\u00dcKS\u00c9GES ADATOK R\u00c9SZLETEZ\u00c9SE<\/strong><\/p>\n<p style=\"text-align: justify;\">A bejelentkez\u00e9sn\u00e9l kapcsolatfelv\u00e9tel t\u00f6rt\u00e9nik, teh\u00e1t megismerj\u00fck egym\u00e1s nev\u00e9t \u00e9s el\u00e9rhet\u0151s\u00e9geit. H\u00edrlev\u00e9lre feliratkoz\u00e1sn\u00e1l megadott adatok: n\u00e9v, e-mail c\u00edm. Szolg\u00e1ltat\u00e1sra jelentkez\u00e9sn\u00e9l: n\u00e9v, e-mail c\u00edm, telefonsz\u00e1m. A szolg\u00e1ltat\u00e1s megval\u00f3sul\u00e1sakor a sz\u00e1ml\u00e1z\u00e1shoz sz\u00fcks\u00e9ges adatok: n\u00e9v, lakc\u00edm, ad\u00f3sz\u00e1m. A szolg\u00e1ltat\u00e1s folyamat\u00e1ban el\u0151ker\u00fcl\u0151 szem\u00e9lyes adatokat nem r\u00f6gz\u00edtem.<\/p>\n<p>&nbsp;<\/p>\n<p style=\"text-align: justify;\"><strong>ADATOK KEZEL\u00c9SE \u00c9S T\u00d6RL\u00c9SE<\/strong><\/p>\n<p style=\"text-align: justify;\"><strong>Az adatok t\u00f6rl\u00e9s\u00e9nek hat\u00e1rideje: az utols\u00f3 bejelentkez\u00e9st\u0151l sz\u00e1m\u00edtott t\u00edz \u00e9v, m\u00edg a h\u00edrlev\u00e9l k\u00fcld\u00e9s\u00e9hez adott hozz\u00e1j\u00e1rul\u00e1sok eset\u00e9ben a hozz\u00e1j\u00e1rul\u00e1s visszavon\u00e1s\u00e1ig. A sz\u00e1mviteli bizonylatokat a sz\u00e1mvitelr\u0151l sz\u00f3l\u00f3 2000. \u00e9vi C. t\u00f6rv\u00e9ny 169. \u00a7 (2) bekezd\u00e9se alapj\u00e1n 8 \u00e9vig \u0151rz\u00f6m meg.<\/strong><\/p>\n<p style=\"text-align: justify;\"><strong>Be\u00e9rkez\u0151, t\u00f6rl\u00e9sre vonatkoz\u00f3 k\u00e9r\u00e9st 5 munkanapon bel\u00fcl tudom teljes\u00edteni.<\/strong>\u00a0A k\u00e9r\u00e9s beazonos\u00edthat\u00f3s\u00e1ghoz sz\u00fcks\u00e9ges adatokat tartalmazzon, \u00e9s \u00edr\u00e1sban jelzend\u0151, e-mailben\u00a0(info@noieszencia.hu),\u00a0vagy lev\u00e9lben (L\u00e1z\u00e1r Ildik\u00f3 e.v., 1108 Budapest, Dombtet\u0151 u. 16.).<\/p>\n<p>&nbsp;<\/p>\n<p style=\"text-align: justify;\"><strong>ADATT\u00c1ROL\u00c1S M\u00d3DJA<\/strong><\/p>\n<p style=\"text-align: justify;\">Az \u00d6nt\u0151l k\u00e9rt adatokat az Eur\u00f3pai Gazdas\u00e1gi T\u00e9rs\u00e9g (&#8222;EGT&#8221;) ter\u00fclet\u00e9n t\u00e1rolom, a v\u00e1llalkoz\u00e1s m\u0171k\u00f6d\u00e9si hely\u00e9n, Budapest 1108 Budapest, Dombtet\u0151 u. 16. sz\u00e1m alatt, \u00e9s az adatfeldolgoz\u00e1s is az orsz\u00e1g ter\u00fclet\u00e9n bel\u00fcl t\u00f6rt\u00e9nik. A szem\u00e9lyes adatok b\u00e1rmilyen \u00e1tvitel\u00e9t a vonatkoz\u00f3 t\u00f6rv\u00e9nyeknek megfelel\u0151en oldom meg.<\/p>\n<p style=\"text-align: justify;\"><strong>PAP\u00cdR ALAP\u00da ADATOK &#8211;\u00a0<\/strong>kulccsal z\u00e1rhat\u00f3 iratszekr\u00e9nyben t\u00e1rolom.<\/p>\n<p style=\"text-align: justify;\"><strong>Sz\u00e1ml\u00e1k:<\/strong> 3 p\u00e9ld\u00e1nyos sz\u00e1mlat\u00f6mb\u00f6t haszn\u00e1lok. A t\u00f6rv\u00e9nynek \u00e9s a rendelkez\u00e9seknek megfelel\u0151en t\u00e1rolom, \u00e9s \u00e9vente a K\u00f6nyvel\u0151 \u00e9s a NAV r\u00e9sz\u00e9re tov\u00e1bb\u00edt\u00e1sra ker\u00fcl, a t\u00f6rv\u00e9nyi rendelkez\u00e9sek \u00e9rtelm\u00e9ben.<\/p>\n<p style=\"text-align: justify;\"><strong>ELEKTRONIKUSAN T\u00c1ROLT ADATOK &#8211;\u00a0<\/strong>\u00a0v\u00edrusirt\u00f3val ell\u00e1tott sz\u00e1m\u00edt\u00f3g\u00e9pen t\u00e1rolom.<\/p>\n<p style=\"text-align: justify;\"><strong>AZ ELEKTRONIKUSAN T\u00c1ROLT ADATOK BIZTONS\u00c1GA<\/strong><\/p>\n<p style=\"text-align: justify;\">Adatkezel\u0151, c\u00e9ljaival \u00e9s szolg\u00e1ltat\u00e1saival \u00f6sszhangban, lehet\u0151v\u00e9 teszi az \u00e9rintettek sz\u00e1m\u00e1ra, hogy a h\u00edrlev\u00e9lre feliratkoz\u00e1ssal \u00e9rtes\u00fcljenek a szolg\u00e1ltat\u00e1sokr\u00f3l \u00e9s programokr\u00f3l. A h\u00edrlev\u00e9lre val\u00f3 feliratkoz\u00e1s \u00f6nk\u00e9ntes hozz\u00e1j\u00e1rul\u00e1son alapul.\u00a0Az \u00e9rintettek k\u00f6re: minden term\u00e9szetes szem\u00e9ly, aki adatainak \u00f6nk\u00e9ntes megad\u00e1s\u00e1val elk\u00fcldi ig\u00e9nyl\u00e9s\u00e9t, \u00e9s feliratkozik a d\u00edjmentes h\u00edrlev\u00e9lre. Adatkezel\u0151 maximum 1 h\u00edrlevelet k\u00fcld havonta.<\/p>\n<p style=\"text-align: justify;\"><strong>A kezelt adatok k\u00f6re \u00e9s c\u00e9lja:\u00a0<\/strong><\/p>\n<p style=\"text-align: justify;\">N\u00e9v, e-mail c\u00edm: a kapcsolatfelv\u00e9telhez sz\u00fcks\u00e9ges.<\/p>\n<p style=\"text-align: justify;\">Az adatkezel\u00e9s id\u0151tartama, az adatok t\u00f6rl\u00e9s\u00e9nek hat\u00e1rideje: \u00e1ltal\u00e1nos szab\u00e1ly, hogy az \u00e9rintett \u00e1ltali visszavon\u00e1sig, \u00e9s a regisztr\u00e1ci\u00f3 t\u00f6rl\u00e9s\u00e9vel azonnal. Az \u00e9rintett \u00e1ltal megadott b\u00e1rmely szem\u00e9lyes adat t\u00f6rl\u00e9s\u00e9r\u0151l az adatkezel\u0151 a GDPR 19. cikke alapj\u00e1n, elektronikus \u00faton t\u00e1j\u00e9koztatja az \u00e9rintettet. Ha az \u00e9rintett t\u00f6rl\u00e9si k\u00e9relme kiterjed az \u00e1ltala megadott e-mail c\u00edmre is, akkor az adatkezel\u0151 a t\u00e1j\u00e9koztat\u00e1st k\u00f6vet\u0151en az e-mail c\u00edmet is t\u00f6rli.<\/p>\n<p style=\"text-align: justify;\">Az al\u00e1bbi eseteket kiv\u00e9ve: a sz\u00e1mviteli bizonylatok eset\u00e9ben, hiszen a sz\u00e1mvitelr\u0151l sz\u00f3l\u00f3 2000. \u00e9vi C. t\u00f6rv\u00e9ny 169. \u00a7 (2) bekezd\u00e9se alapj\u00e1n 8 \u00e9vig meg kell \u0151rizni ezeket az adatokat. A k\u00f6nyvviteli elsz\u00e1mol\u00e1st k\u00f6zvetlen\u00fcl \u00e9s k\u00f6zvetetten al\u00e1t\u00e1maszt\u00f3 sz\u00e1mviteli bizonylatot (ide\u00e9rtve a f\u0151k\u00f6nyvi sz\u00e1ml\u00e1kat, analitikus, illetve r\u00e9szletez\u0151 nyilv\u00e1ntart\u00e1sokat is), legal\u00e1bb 8 \u00e9vig kell olvashat\u00f3 form\u00e1ban, a k\u00f6nyvel\u00e9si feljegyz\u00e9sek hivatkoz\u00e1sa alapj\u00e1n visszakereshet\u0151 m\u00f3don meg\u0151rizni.<\/p>\n<p style=\"text-align: justify;\">Az adatkezel\u00e9s m\u00f3dja: elektronikusan.<\/p>\n<p style=\"text-align: justify;\">Adatok forr\u00e1sa: k\u00f6zvetlen\u00fcl az \u00e9rintett\u0151l.<\/p>\n<p style=\"text-align: justify;\">Adatkezel\u0151 felh\u00edvja a figyelmet arra, hogy amennyiben az \u00e9rintett a fent megjel\u00f6lt adatokat az Adatkezel\u0151 sz\u00e1m\u00e1ra nem szolg\u00e1ltatja, \u00fagy az Adatkezel\u0151 a szolg\u00e1ltat\u00e1s ny\u00fajt\u00e1s\u00e1t (adatkezel\u00e9st) megtagadja.<\/p>\n<p style=\"text-align: justify;\">A honlap sz\u00e1m\u00edt\u00e1stechnikai rendszerei \u00e9s m\u00e1s adatmeg\u0151rz\u00e9si helyei az adatkezel\u0151 sz\u00e9khely\u00e9n, tal\u00e1lhat\u00f3k meg.<\/p>\n<p style=\"text-align: justify;\">Az Adatkezel\u0151 szem\u00e9lyes adatok kezel\u00e9s\u00e9hez a szolg\u00e1ltat\u00e1s ny\u00fajt\u00e1sa sor\u00e1n alkalmazott informatikai eszk\u00f6z\u00f6ket \u00fagy v\u00e1lasztja meg \u00e9s \u00fczemelteti, hogy a kezelt adat:<br \/>\na) az arra feljogos\u00edtottak sz\u00e1m\u00e1ra hozz\u00e1f\u00e9rhet\u0151 (rendelkez\u00e9sre \u00e1ll\u00e1s);<br \/>\nb) hiteless\u00e9ge \u00e9s hiteles\u00edt\u00e9se biztos\u00edtott (adatkezel\u00e9s hiteless\u00e9ge);<br \/>\nc) v\u00e1ltozatlans\u00e1ga igazolhat\u00f3 (adatintegrit\u00e1s);<br \/>\nd) a jogosulatlan hozz\u00e1f\u00e9r\u00e9s ellen v\u00e9dett (adat bizalmass\u00e1ga) legyen.<\/p>\n<p style=\"text-align: justify;\">Adatkezel\u0151 olyan m\u0171szaki, szervez\u00e9si \u00e9s szervezeti int\u00e9zked\u00e9sekkel gondoskodik az adatkezel\u00e9s biztons\u00e1g\u00e1nak v\u00e9delm\u00e9r\u0151l, amely az adatkezel\u00e9ssel kapcsolatban jelentkez\u0151 kock\u00e1zatoknak megfelel\u0151 v\u00e9delmi szintet ny\u00fajt.<\/p>\n<p style=\"text-align: justify;\">Adatkezel\u0151 az adatkezel\u00e9s sor\u00e1n meg\u0151rzi:<br \/>\na) a titkoss\u00e1got: megv\u00e9di az inform\u00e1ci\u00f3t, hogy csak az f\u00e9rhessen hozz\u00e1, aki erre jogosult;<br \/>\nb) a s\u00e9rtetlens\u00e9get: megv\u00e9di az inform\u00e1ci\u00f3nak \u00e9s a feldolgoz\u00e1s m\u00f3dszer\u00e9nek a pontoss\u00e1g\u00e1t \u00e9s teljess\u00e9g\u00e9t;<br \/>\nc) a rendelkez\u00e9sre \u00e1ll\u00e1st: gondoskodik arr\u00f3l, hogy amikor a jogosult haszn\u00e1l\u00f3nak sz\u00fcks\u00e9ge van r\u00e1, val\u00f3ban hozz\u00e1 tudjon f\u00e9rni a k\u00edv\u00e1nt inform\u00e1ci\u00f3hoz, \u00e9s rendelkez\u00e9sre \u00e1lljanak az ezzel kapcsolatos eszk\u00f6z\u00f6k.<\/p>\n<p style=\"text-align: justify;\">Adatkezel\u0151 informatikai rendszere \u00e9s h\u00e1l\u00f3zata egyar\u00e1nt v\u00e9dett a sz\u00e1m\u00edt\u00f3g\u00e9ppel t\u00e1mogatott csal\u00e1s, k\u00e9mked\u00e9s, szabot\u00e1zs, vandalizmus, t\u0171z \u00e9s \u00e1rv\u00edz, tov\u00e1bb\u00e1 a sz\u00e1m\u00edt\u00f3g\u00e9pv\u00edrusok, a sz\u00e1m\u00edt\u00f3g\u00e9pes bet\u00f6r\u00e9sek \u00e9s a szolg\u00e1latmegtagad\u00e1sra vezet\u0151 t\u00e1mad\u00e1sok ellen. Az \u00fczemeltet\u0151 a biztons\u00e1gr\u00f3l szerverszint\u0171 \u00e9s alkalmaz\u00e1sszint\u0171 v\u00e9delmi elj\u00e1r\u00e1sokkal gondoskodik.<\/p>\n<p style=\"text-align: justify;\">T\u00e1j\u00e9koztatjuk a felhaszn\u00e1l\u00f3kat, hogy az interneten tov\u00e1bb\u00edtott elektronikus \u00fczenetek, protokollt\u00f3l (e-mail, web, ftp, stb.) f\u00fcggetlen\u00fcl s\u00e9r\u00fcl\u00e9kenyek az olyan h\u00e1l\u00f3zati fenyeget\u00e9sekkel szemben, amelyek tisztess\u00e9gtelen tev\u00e9kenys\u00e9gre, szerz\u0151d\u00e9s vitat\u00e1s\u00e1ra, vagy az inform\u00e1ci\u00f3 felfed\u00e9s\u00e9re, m\u00f3dos\u00edt\u00e1s\u00e1ra vezetnek. Az ilyen fenyeget\u00e9sekt\u0151l megv\u00e9dend\u0151 a szolg\u00e1ltat\u00f3 megtesz minden t\u0151le elv\u00e1rhat\u00f3 \u00f3vint\u00e9zked\u00e9st. A rendszereket megfigyeli annak \u00e9rdek\u00e9ben, hogy minden biztons\u00e1gi elt\u00e9r\u00e9st r\u00f6gz\u00edthessen, \u00e9s bizony\u00edt\u00e9kkal szolg\u00e1lhasson minden biztons\u00e1gi esem\u00e9ny eset\u00e9ben. A rendszermegfigyel\u00e9s ezen k\u00edv\u00fcl lehet\u0151v\u00e9 teszi az alkalmazott \u00f3vint\u00e9zked\u00e9sek hat\u00e9konys\u00e1g\u00e1nak ellen\u0151rz\u00e9s\u00e9t is.<\/p>\n<p>&nbsp;<\/p>\n<p style=\"text-align: justify;\"><strong>KI F\u00c9R HOZZ\u00c1 AZ ADATAIHOZ?<\/strong><\/p>\n<p style=\"text-align: justify;\">Szem\u00e9lyes adataihoz Adatkezel\u0151, \u00e9s al\u00e1bb megnevezett 3. felek f\u00e9rnek hozz\u00e1.<\/p>\n<p>&nbsp;<\/p>\n<p style=\"text-align: justify;\"><strong>Kiskor\u00fa adatainak kezel\u00e9se<\/strong><\/p>\n<p style=\"text-align: justify;\">Abban az esetben, ha 16 \u00e9ves kor alatti szem\u00e9ly veszi ig\u00e9nybe a szolg\u00e1ltat\u00e1st, csak sz\u00fcl\u0151i beleegyez\u00e9ssel val\u00f3s\u00edthat\u00f3 meg a szolg\u00e1ltat\u00e1s. Ha nem tud jelen lenni a sz\u00fcl\u0151, akkor a kezelt kiskor\u00fa szem\u00e9ly k\u00f6teles hozni enged\u00e9lyt a konkr\u00e9t szolg\u00e1ltat\u00e1sra, teh\u00e1t csak abban az esetben kezdhet\u0151 meg a szolg\u00e1ltat\u00e1s, ha \u00e1tadta az al\u00e1\u00edrt enged\u00e9lyt a kezel\u00e9st v\u00e9gz\u0151 szem\u00e9lynek. Amennyiben a kiskor\u00fa szem\u00e9ly al\u00e1\u00edr\u00e1st hamis\u00edtott, az\u00e9rt nem v\u00e1llalok felel\u0151ss\u00e9get. Ha a sz\u00fcl\u0151 jelen van, akkor a sz\u00f3beli beleegyez\u00e9s elegend\u0151 a szolg\u00e1ltat\u00e1s megval\u00f3sul\u00e1s\u00e1hoz.<\/p>\n<p>&nbsp;<\/p>\n<p style=\"text-align: justify;\"><strong>Rekl\u00e1mlevelek<\/strong><\/p>\n<p style=\"text-align: justify;\">Rekl\u00e1mlevelek: ha az \u00dcgyf\u00e9l a honlapon hozz\u00e1j\u00e1rul\u00e1s\u00e1t adja, a k\u00e9s\u0151bbiekben e-mail \u00fczenet\/h\u00edrlev\u00e9l form\u00e1j\u00e1ban a szolg\u00e1ltat\u00e1ssal kapcsolatos rekl\u00e1m\u00fczenet k\u00fcldhet\u0151 a r\u00e9sz\u00e9re.<\/p>\n<p style=\"text-align: justify;\">Adatait soha nem adom tov\u00e1bb, \u00e9rt\u00e9kes\u00edtem vagy cser\u00e9lem el marketingc\u00e9lokb\u00f3l k\u00edv\u00fcl\u00e1ll\u00f3 k\u00fcls\u0151 felekkel. A harmadik feleknek tov\u00e1bb\u00edtott adatokat csak az \u00d6nnek ny\u00fajtott szolg\u00e1ltat\u00e1s lehet\u0151v\u00e9 t\u00e9tele \u00e9rdek\u00e9ben haszn\u00e1lom fel. A harmadik felek kateg\u00f3ri\u00e1it minden adott folyamat eset\u00e9ben megtal\u00e1lja al\u00e1bb.<\/p>\n<p>&nbsp;<\/p>\n<p style=\"text-align: justify;\"><strong>Az adatkezel\u00e9sben r\u00e9sztvev\u0151 3. felek list\u00e1ja:<\/strong><\/p>\n<p style=\"text-align: justify;\">T\u00e1rhely szolg\u00e1ltat\u00f3: Webonic Kft.<\/p>\n<p style=\"text-align: justify;\">E-mailek\/h\u00edrlev\u00e9l: Word Press<\/p>\n<p style=\"text-align: justify;\">Sz\u00e1ml\u00e1k: NAV (ad\u00f3hat\u00f3s\u00e1g)<\/p>\n<p style=\"text-align: justify;\">Marketing: Facebook, Google<\/p>\n<p>&nbsp;<\/p>\n<p style=\"text-align: justify;\"><strong>A V\u00c1S\u00c1RL\u00d3K JOGAI<\/strong><\/p>\n<p style=\"text-align: justify;\"><strong><em>Hozz\u00e1f\u00e9r\u00e9si jog:<\/em><\/strong><\/p>\n<p style=\"text-align: justify;\">\u00d6nnek b\u00e1rmikor joga van inform\u00e1ci\u00f3t k\u00e9rni az \u00e1ltalam t\u00e1rolt szem\u00e9lyes adatair\u00f3l. Vegye fel a kapcsolatot velem, \u00e9s szem\u00e9lyes adatait e-mailben, vagy post\u00e1n elk\u00fcld\u00f6m. A k\u00e9r\u00e9st adatv\u00e9delmi okokb\u00f3l csak szem\u00e9lyesen tudom elfogadni, a vissza\u00e9l\u00e9sek elker\u00fcl\u00e9se \u00e9rdek\u00e9ben.<\/p>\n<p>&nbsp;<\/p>\n<p style=\"text-align: justify;\"><strong><em>A helyesb\u00edt\u00e9s joga:<\/em><\/strong><\/p>\n<p style=\"text-align: justify;\">Joga van k\u00e9rni szem\u00e9lyes adatai helyesb\u00edt\u00e9s\u00e9t, amennyiben azok helytelenek, bele\u00e9rtve a hi\u00e1nyos szem\u00e9lyes adatai p\u00f3tl\u00e1s\u00e1nak jog\u00e1t.<\/p>\n<p>&nbsp;<\/p>\n<p style=\"text-align: justify;\"><strong><em>A t\u00f6rl\u00e9shez val\u00f3 jog:<\/em><\/strong><\/p>\n<p style=\"text-align: justify;\">Jog\u00e1ban \u00e1ll b\u00e1rmely, \u00e1ltalam feldolgozott szem\u00e9lyes adatainak t\u00f6rl\u00e9s\u00e9hez b\u00e1rmikor, kiv\u00e9ve, ha rendezetlen tartoz\u00e1sa van Adatkezel\u0151 fel\u00e9, a fizet\u00e9si m\u00f3dt\u00f3l f\u00fcggetlen\u00fcl.<\/p>\n<p>&nbsp;<\/p>\n<p style=\"text-align: justify;\"><strong><em>Az ellenvet\u00e9s joga a feldolgoz\u00e1s ellen jogos \u00e9rdek alapj\u00e1n:\u00a0<\/em><\/strong><\/p>\n<p style=\"text-align: justify;\">Joga van tiltakozni szem\u00e9lyes adatainak feldolgoz\u00e1sa ellen. K\u00e9r\u00e9s\u00e9re nem folytatom szem\u00e9lyes adatainak feldolgoz\u00e1s\u00e1t, kiv\u00e9ve, ha a folyamatot illet\u0151en jogos \u00e9rdekemet bizony\u00edtani tudom, amely fel\u00fcl\u00edrja az \u00d6n \u00e9rdekelts\u00e9g\u00e9t \u00e9s jogait, vagy jogi k\u00e1rig\u00e9ny k\u00f6vetkezt\u00e9ben.<\/p>\n<p style=\"text-align: justify;\">Szolg\u00e1ltat\u00e1somat nem tudom biztos\u00edtani, amennyiben a sz\u00e1ml\u00e1z\u00e1shoz nem \u00e1ll rendelkez\u00e9semre inform\u00e1ci\u00f3.<\/p>\n<p>&nbsp;<\/p>\n<p style=\"text-align: justify;\"><strong><em>A direkt marketinggel szembeni ellenvet\u00e9s joga:<\/em><\/strong><\/p>\n<p style=\"text-align: justify;\">Joga van ellenvet\u00e9ssel \u00e9lni a direkt marketinggel szemben, bele\u00e9rtve a direkt marketing c\u00e9lj\u00e1b\u00f3l k\u00e9sz\u00edtett profilelemz\u00e9st.<\/p>\n<p>&nbsp;<\/p>\n<p style=\"text-align: justify;\">A direkt marketingr\u0151l a k\u00f6vetkez\u0151 m\u00f3dokon mondhat le:<\/p>\n<p style=\"text-align: justify;\">&#8211; k\u00f6veti az erre vonatkoz\u00f3 utas\u00edt\u00e1sokat a marketing e-mailekben<\/p>\n<p style=\"text-align: justify;\">&#8211; e-mailben: info@noieszencia.hu<\/p>\n<p style=\"text-align: justify;\">&#8211; a v\u00e1llalkoz\u00e1s m\u0171k\u00f6d\u00e9si c\u00edm\u00e9re k\u00fcld\u00f6tt lev\u00e9lben (1108 Budapest, Dombtet\u0151 u. 16. IV\/15.)<\/p>\n<p>&nbsp;<\/p>\n<p style=\"text-align: justify;\"><strong><em>A korl\u00e1toz\u00e1s joga:<\/em><\/strong><\/p>\n<p style=\"text-align: justify;\">Joga van k\u00e9relmezni, hogy Adatkezel\u0151 korl\u00e1tozza szem\u00e9lyes adatainak feldolgoz\u00e1s\u00e1t a k\u00f6vetkez\u0151 k\u00f6r\u00fclm\u00e9nyek k\u00f6z\u00f6tt:<\/p>\n<p style=\"text-align: justify;\">&#8211; Ha ellenvet\u00e9se van a feldolgoz\u00e1ssal szemben v\u00e1llalkoz\u00e1som jogos \u00e9rdeke alapj\u00e1n, korl\u00e1tozom az adatok feldolgoz\u00e1s\u00e1t a jogos \u00e9rdek igazol\u00e1s\u00e1nak megt\u00f6rt\u00e9nt\u00e9ig.<\/p>\n<p style=\"text-align: justify;\">&#8211; Ha \u00e1ll\u00edt\u00e1sa szerint a szem\u00e9lyes adatai helytelenek, korl\u00e1toznom kell az ilyen adatok feldolgoz\u00e1s\u00e1t a szem\u00e9lyes adatok pontoss\u00e1g\u00e1nak igazol\u00e1s\u00e1ig.<\/p>\n<p style=\"text-align: justify;\">&#8211; ha a feldolgoz\u00e1s jogtalan, ellenezheti a szem\u00e9lyes adatai t\u00f6rl\u00e9s\u00e9t, \u00e9s helyette k\u00e9rheti szem\u00e9lyes adatai korl\u00e1toz\u00e1s\u00e1t<\/p>\n<p style=\"text-align: justify;\">&#8211; r\u00e9szlegesen teljes\u00edthet\u0151, ha Adatkezel\u0151nek m\u00e1r nincs sz\u00fcks\u00e9ge a szem\u00e9lyes adataira, de a jogi k\u00e1rig\u00e9nyei megv\u00e9d\u00e9se \u00e9rdek\u00e9ben m\u00e9g meg kell tartania azokat.<\/p>\n<p>&nbsp;<\/p>\n<p style=\"text-align: justify;\"><strong><em>Hogyan gyakorolhatja a jogait?<\/em><\/strong><\/p>\n<p style=\"text-align: justify;\">B\u00e1rmikor kapcsolatba l\u00e9phet velem az info@noieszencia.hu\u00a0e-mailen. Nagyon komolyan veszem az adatv\u00e9delmet, de sajnos nincsenek \u00fcgyf\u00e9lszolg\u00e1lati munkat\u00e1rsaim, akik kezelik a fenti jogokra vonatkoz\u00f3\u00a0 k\u00e9relmeket, \u00edgy a v\u00e1laszad\u00e1st 48 \u00f3r\u00e1n bel\u00fcl, adatainak t\u00f6rl\u00e9s\u00e9t 5 munkanapon bel\u00fcl tudom garant\u00e1lni. A gyors feldolgoz\u00e1s \u00e9rdek\u00e9ben k\u00e9rem, hogy adatv\u00e9delemmel kapcsolatos \u00fczenet eset\u00e9n a t\u00e1rgymez\u0151be \u00edrja be a GDPR bet\u0171ket.<\/p>\n<p>&nbsp;<\/p>\n<p style=\"text-align: justify;\"><strong><em>A fel\u00fcgyeleti hat\u00f3s\u00e1gn\u00e1l val\u00f3 panaszt\u00e9tel joga:\u00a0<\/em><\/strong><\/p>\n<p style=\"text-align: justify;\">Ha \u00fagy gondolja, hogy Adatkezel\u0151 a szem\u00e9lyes adatait helytelen\u00fcl dolgozza fel, l\u00e9pjen vele kapcsolatba. Joga van panaszt tenni egy fel\u00fcgyeleti hat\u00f3s\u00e1gn\u00e1l is.<\/p>\n<p>&nbsp;<\/p>\n<p style=\"text-align: justify;\"><strong>A SZOLG\u00c1LTAT\u00c1S \u00dcGYF\u00c9LLEVELEZ\u00c9SEI<\/strong><\/p>\n<p style=\"text-align: justify;\">Amennyiben a szolg\u00e1ltat\u00e1sok ig\u00e9nybev\u00e9tele sor\u00e1n k\u00e9rd\u00e9se, probl\u00e9m\u00e1ja van, a szolg\u00e1ltat\u00e1s Kapcsolat \u00a0rovat\u00e1ban megadott m\u00f3don kapcsolatba l\u00e9phet velem.<\/p>\n<p style=\"text-align: justify;\">Adatkezel\u0151 a be\u00e9rkezett leveleket, a k\u00fcld\u0151 nev\u00e9vel \u00e9s e-mail c\u00edm\u00e9vel, valamint m\u00e1s, \u00f6nk\u00e9nt megadott szem\u00e9lyes adat\u00e1val egy\u00fctt, az \u00fcgy elint\u00e9z\u00e9s\u00e9t\u0151l sz\u00e1m\u00edtott legfeljebb \u00f6t \u00e9v eltelt\u00e9vel t\u00f6rli.<\/p>\n<p>&nbsp;<\/p>\n<p style=\"text-align: justify;\"><strong>MIK AZOK A S\u00dcTIK \u00c9S HOGYAN KEZELJ\u00dcK \u0150KET?<\/strong><\/p>\n<p style=\"text-align: justify;\">A s\u00fctik (cookie-k) olyan kism\u00e9ret\u0171 adatf\u00e1jlok (tov\u00e1bbiakban: s\u00fctik), amelyek a weboldalon kereszt\u00fcl a weboldal haszn\u00e1lat\u00e1val ker\u00fclnek az \u00d6n sz\u00e1m\u00edt\u00f3g\u00e9p\u00e9re \u00fagy, hogy azokat az \u00d6n internetes b\u00f6ng\u00e9sz\u0151je menti le \u00e9s t\u00e1rolja el. A leggyakrabban haszn\u00e1lt internetes b\u00f6ng\u00e9sz\u0151k (Chrome, Firefox, stb.) t\u00f6bbs\u00e9ge alapbe\u00e1ll\u00edt\u00e1sk\u00e9nt elfogadja \u00e9s enged\u00e9lyezi a s\u00fctik let\u00f6lt\u00e9s\u00e9t \u00e9s haszn\u00e1lat\u00e1t, az viszont m\u00e1r \u00d6nt\u0151l f\u00fcgg, hogy a b\u00f6ng\u00e9sz\u0151 be\u00e1ll\u00edt\u00e1sainak m\u00f3dos\u00edt\u00e1s\u00e1val ezeket visszautas\u00edtja vagy letiltja, illetve \u00d6n a m\u00e1r a sz\u00e1m\u00edt\u00f3g\u00e9pen l\u00e9v\u0151 elt\u00e1rolt s\u00fctiket is tudja t\u00f6r\u00f6lni. \u00a0A s\u00fctik haszn\u00e1lat\u00e1r\u00f3l az egyes b\u00f6ng\u00e9sz\u0151k &#8222;s\u00fag\u00f3&#8221; men\u00fcpontja ny\u00fajt b\u0151vebb t\u00e1j\u00e9koztat\u00e1st.<\/p>\n<p style=\"text-align: justify;\">Vannak olyan s\u00fctik, amelyek nem ig\u00e9nylik az \u00d6n el\u0151zetes hozz\u00e1j\u00e1rul\u00e1s\u00e1t. Ezekr\u0151l weblapom az \u00d6n els\u0151 l\u00e1togat\u00e1s\u00e1nak megkezd\u00e9sekor ad r\u00f6vid t\u00e1j\u00e9koztat\u00e1st, ilyenek p\u00e9ld\u00e1ul a hiteles\u00edt\u00e9si, multim\u00e9dia-lej\u00e1tsz\u00f3, terhel\u00e9skiegyenl\u00edt\u0151, a felhaszn\u00e1l\u00f3i fel\u00fclet testreszab\u00e1s\u00e1t seg\u00edt\u0151 munkamenet-s\u00fctik, valamint a felhaszn\u00e1l\u00f3-k\u00f6zpont\u00fa biztons\u00e1gi s\u00fctik.<\/p>\n<p style=\"text-align: justify;\">A hozz\u00e1j\u00e1rul\u00e1st ig\u00e9nyl\u0151 s\u00fctikr\u0151l &#8211; amennyiben az adatkezel\u00e9s m\u00e1r az oldal felkeres\u00e9s\u00e9vel megkezd\u0151dik &#8211; a weboldalam az els\u0151 l\u00e1togat\u00e1s megkezd\u00e9sekor t\u00e1j\u00e9koztatja \u00d6nt \u00e9s k\u00e9rj\u00fck az \u00d6n hozz\u00e1j\u00e1rul\u00e1s\u00e1t.<\/p>\n<p style=\"text-align: justify;\">Weboldalam nem alkalmaz \u00e9s nem is enged\u00e9lyez olyan s\u00fctiket, amelyek seg\u00edts\u00e9g\u00e9vel harmadik szem\u00e9lyek az \u00d6n hozz\u00e1j\u00e1rul\u00e1sa n\u00e9lk\u00fcl adatot gy\u0171jthetnek.<\/p>\n<p style=\"text-align: justify;\">A s\u00fctik elfogad\u00e1sa nem k\u00f6telez\u0151, az Adatkezel\u0151 azonban nem v\u00e1llal az\u00e9rt felel\u0151ss\u00e9get, ha s\u00fctik enged\u00e9lyez\u00e9se hi\u00e1ny\u00e1ban a weblapom esetleg nem az elv\u00e1rt m\u00f3don m\u0171k\u00f6dik.<\/p>\n<p>&nbsp;<\/p>\n<p style=\"text-align: justify;\"><strong>AZ ADATV\u00c9DELMI NYILATKOZAT FRISS\u00cdT\u00c9SEI<\/strong><\/p>\n<p style=\"text-align: justify;\">El\u0151fordulhat, hogy friss\u00edtenem kell az Adatv\u00e9delmi nyilatkozatomat. Az Adatv\u00e9delmi nyilatkozat leg\u00fajabb verzi\u00f3j\u00e1t b\u00e1rmikor el\u00e9rheti a weboldalamon. Az Adatv\u00e9delmi nyilatkozat jelent\u0151s v\u00e1ltoz\u00e1sait, p\u00e9ld\u00e1ul a szem\u00e9lyes adatok feldolgoz\u00e1s\u00e1nak okait, a k\u00f6nyvel\u0151 szem\u00e9ly\u00e9t vagy az \u00d6n jogait \u00e9rint\u0151 k\u00e9rd\u00e9sekben, mindig kommunik\u00e1lom.<\/p>\n<p>&nbsp;<\/p>\n<p style=\"text-align: justify;\"><strong>PROM\u00d3CI\u00d3K<br \/>\n<\/strong>Maximum havonta egyszer, h\u00edrlev\u00e9l form\u00e1j\u00e1ban \u00e9rtes\u00edtem \u00fcgyfeleimet az aktu\u00e1lis programokr\u00f3l. Ezen fel\u00fcl semmilyen m\u00e1s form\u00e1ban prom\u00f3ci\u00f3s anyagot nem k\u00fcld\u00f6k.<\/p>\n<p>&nbsp;<\/p>\n<p style=\"text-align: justify;\"><strong>\u00c1T\u00c1LL\u00c1S A GDPR RENDSZERRE<\/strong><\/p>\n<p style=\"text-align: justify;\">A GDPR el\u0151\u00edr\u00e1sait 2018.05.25-t\u0151l vezetem be.<\/p>\n<p style=\"text-align: justify;\">A GDPR Adatkezel\u00e9s ir\u00e1nyelveimben v\u00e1llalt,\u00a0<strong>szem\u00e9lyes adatokra vonatkoz\u00f3 10 \u00e9v t\u00e1rol\u00e1si hat\u00e1rid\u0151n bel\u00fcl van<\/strong>. \u00dcgyfeleim ezen adatokat \u00f6nk\u00e9nt adt\u00e1k meg, 3. f\u00e9l r\u00e9sz\u00e9re eddig sem \u00e9s ezut\u00e1n sem adom ki \u00fczleti c\u00e9lb\u00f3l.<\/p>\n<p style=\"text-align: justify;\">2018.05.25-t\u0151l kezd\u0151d\u0151en el\u00e9rhet\u0151 a weboldalamon az \u00faj, DGPR-nek megfelel\u0151 Adatkezel\u00e9si Nyilatkozat. A szem\u00e9lyes adatfelv\u00e9tel el\u0151tt lehet\u0151s\u00e9get biztos\u00edtok az Adatkezel\u00e9si Nyilatkozat megismer\u00e9s\u00e9re, \u00e9s nyilatkozatt\u00e9telre az \u00dcgyf\u00e9l saj\u00e1t adatair\u00f3l val\u00f3 rendelkez\u00e9s\u00e9nek joga \u00e9rtelm\u00e9ben.<\/p>\n<p>&nbsp;<\/p>\n<p style=\"text-align: justify;\"><strong>ADATV\u00c9DELMI HAT\u00d3S\u00c1GI ELJ\u00c1R\u00c1S<\/strong><\/p>\n<p style=\"text-align: justify;\">Ha a regisztr\u00e1lt felhaszn\u00e1l\u00f3, h\u00edrlev\u00e9l feliratkoz\u00f3 nem el\u00e9gedett az Adatkezel\u0151 v\u00e1lasz\u00e1val, akkor szem\u00e9lyes adatai v\u00e9delm\u00e9hez val\u00f3 jog\u00e1t polg\u00e1ri b\u00edr\u00f3s\u00e1g el\u0151tt \u00e9rv\u00e9nyes\u00edtheti, tov\u00e1bb\u00e1 panasszal a Nemzeti Adatv\u00e9delmi \u00e9s Inform\u00e1ci\u00f3szabads\u00e1g Hat\u00f3s\u00e1gn\u00e1l lehet \u00e9lni:<\/p>\n<p>&nbsp;<\/p>\n<p style=\"text-align: justify;\">N\u00e9v: Nemzeti Adatv\u00e9delmi \u00e9s Inform\u00e1ci\u00f3szabads\u00e1g Hat\u00f3s\u00e1g<\/p>\n<p style=\"text-align: justify;\">Sz\u00e9khely: 1125 Budapest, Szil\u00e1gyi Erzs\u00e9bet fasor 22\/C.<\/p>\n<p style=\"text-align: justify;\">Levelez\u00e9si c\u00edm: 1530 Budapest, Pf.: 5.<\/p>\n<p style=\"text-align: justify;\">Telefon: 06 1\u00a0391 1400<\/p>\n<p style=\"text-align: justify;\">E-mail: ugyfelszolgalat@naih.hu<\/p>\n<p style=\"text-align: justify;\">Honlap: http:\/\/www.naih.hu<\/p>\n<p>&nbsp;<\/p>\n<p style=\"text-align: justify;\"><strong>EGY\u00c9B RENDELKEZ\u00c9SEK<\/strong><\/p>\n<p style=\"text-align: justify;\">E t\u00e1j\u00e9koztat\u00f3ban fel nem sorolt adatkezel\u00e9sekr\u0151l az adat felv\u00e9telekor adok t\u00e1j\u00e9koztat\u00e1st. T\u00e1j\u00e9koztatom \u00fcgyfeleimet, hogy a b\u00edr\u00f3s\u00e1g, az \u00fcgy\u00e9sz, a nyomoz\u00f3 hat\u00f3s\u00e1g, a szab\u00e1lys\u00e9rt\u00e9si hat\u00f3s\u00e1g, a k\u00f6zigazgat\u00e1si hat\u00f3s\u00e1g, a Nemzeti Adatv\u00e9delmi \u00e9s Inform\u00e1ci\u00f3szabads\u00e1g Hat\u00f3s\u00e1g, a Magyar Nemzeti Bank, illet\u0151leg jogszab\u00e1ly felhatalmaz\u00e1sa alapj\u00e1n m\u00e1s szervek t\u00e1j\u00e9koztat\u00e1s ad\u00e1sa, adatok k\u00f6zl\u00e9se, \u00e1tad\u00e1sa, illet\u0151leg iratok rendelkez\u00e9sre bocs\u00e1t\u00e1sa v\u00e9gett megkereshetik az Adatkezel\u0151t. Adatkezel\u0151 a hat\u00f3s\u00e1gok r\u00e9sz\u00e9re &#8211; amennyiben a hat\u00f3s\u00e1g a pontos c\u00e9lt \u00e9s az adatok k\u00f6r\u00e9t megjel\u00f6lte &#8211; szem\u00e9lyes adatot csak annyit \u00e9s olyan m\u00e9rt\u00e9kben ad ki, amely a megkeres\u00e9s c\u00e9lj\u00e1nak megval\u00f3s\u00edt\u00e1s\u00e1hoz elengedhetetlen\u00fcl sz\u00fcks\u00e9ges.<\/p>\n","protected":false},"excerpt":{"rendered":"<p>GDPR &#8211; Adatv\u00e9delmi nyilatkozat &nbsp; Adatainak v\u00e9delme fontos sz\u00e1momra, ez\u00e9rt szeretn\u00e9m t\u00e1j\u00e9koztatni a GDPR el\u0151\u00edr\u00e1soknak megfelel\u0151en friss\u00edtett Adatv\u00e9delmi nyilatkozatr\u00f3l. Az Adatv\u00e9delmi nyilatkozat tartalmazza, hogy mely szem\u00e9lyes adatokkal rendelkezem, \u00e9s azokat hogyan t\u00e1rolom \u00e9s haszn\u00e1lom fel. K\u00fcl\u00f6n fejezet t\u00e1rgyalja a jogokra vonatkoz\u00f3 inform\u00e1ci\u00f3kat. &nbsp; R\u00f6vid ismertet\u0151 A szem\u00e9lyes adatokat csak a mindenkori t\u00f6rv\u00e9nyeknek megfelel\u0151en gy\u0171jt\u00f6m \u00e9s [&hellip;]<\/p>\n","protected":false},"author":1,"featured_media":0,"parent":0,"menu_order":96,"comment_status":"open","ping_status":"open","template":"","meta":{"footnotes":""},"class_list":["post-1882","page","type-page","status-publish","hentry"],"_links":{"self":[{"href":"http:\/\/noieszencia.hu\/index.php?rest_route=\/wp\/v2\/pages\/1882","targetHints":{"allow":["GET"]}}],"collection":[{"href":"http:\/\/noieszencia.hu\/index.php?rest_route=\/wp\/v2\/pages"}],"about":[{"href":"http:\/\/noieszencia.hu\/index.php?rest_route=\/wp\/v2\/types\/page"}],"author":[{"embeddable":true,"href":"http:\/\/noieszencia.hu\/index.php?rest_route=\/wp\/v2\/users\/1"}],"replies":[{"embeddable":true,"href":"http:\/\/noieszencia.hu\/index.php?rest_route=%2Fwp%2Fv2%2Fcomments&post=1882"}],"version-history":[{"count":23,"href":"http:\/\/noieszencia.hu\/index.php?rest_route=\/wp\/v2\/pages\/1882\/revisions"}],"predecessor-version":[{"id":1994,"href":"http:\/\/noieszencia.hu\/index.php?rest_route=\/wp\/v2\/pages\/1882\/revisions\/1994"}],"wp:attachment":[{"href":"http:\/\/noieszencia.hu\/index.php?rest_route=%2Fwp%2Fv2%2Fmedia&parent=1882"}],"curies":[{"name":"wp","href":"https:\/\/api.w.org\/{rel}","templated":true}]}}